{"id":4704,"date":"2024-01-04T12:15:12","date_gmt":"2024-01-04T17:15:12","guid":{"rendered":"https:\/\/www.perurail.com\/?page_id=4704"},"modified":"2025-02-17T15:37:32","modified_gmt":"2025-02-17T20:37:32","slug":"fiestas-patrias","status":"publish","type":"page","link":"https:\/\/www.perurail.com\/es\/fiestas-patrias\/","title":{"rendered":"FIESTAS PATRIAS"},"content":{"rendered":"\t\t<div data-elementor-type=\"wp-page\" data-elementor-id=\"4704\" class=\"elementor elementor-4704\" data-elementor-post-type=\"page\">\n\t\t\t\t\t\t<section class=\"elementor-section elementor-top-section elementor-element elementor-element-2448e9ec elementor-section-boxed elementor-section-height-default elementor-section-height-default\" data-id=\"2448e9ec\" data-element_type=\"section\" data-settings=\"{&quot;background_background&quot;:&quot;classic&quot;}\">\n\t\t\t\t\t\t\t<div class=\"elementor-background-overlay\"><\/div>\n\t\t\t\t\t\t\t<div class=\"elementor-container elementor-column-gap-default\">\n\t\t\t\t\t<div class=\"elementor-column elementor-col-100 elementor-top-column elementor-element elementor-element-1ff45280\" data-id=\"1ff45280\" data-element_type=\"column\">\n\t\t\t<div class=\"elementor-widget-wrap elementor-element-populated\">\n\t\t\t\t\t\t<div class=\"elementor-element elementor-element-1f497ed9 elementor-widget elementor-widget-heading\" data-id=\"1f497ed9\" data-element_type=\"widget\" data-widget_type=\"heading.default\">\n\t\t\t\t<div class=\"elementor-widget-container\">\n\t\t\t\t\t<h2 class=\"elementor-heading-title elementor-size-default\">FIESTAS PATRIAS<\/h2>\t\t\t\t<\/div>\n\t\t\t\t<\/div>\n\t\t\t\t<div class=\"elementor-element elementor-element-5cae5841 elementor-widget elementor-widget-text-editor\" data-id=\"5cae5841\" data-element_type=\"widget\" data-widget_type=\"text-editor.default\">\n\t\t\t\t<div class=\"elementor-widget-container\">\n\t\t\t\t\t\t\t\t\t<div class=\"docos-anchoreddocoview-content docos-docoview-replycontainer\"><div class=\"docos-docoview-rootreply\"><div class=\"docos-anchoredreplyview docos-replyview-first docos-replyview-comment badging-enabled-doco\"><div class=\"docos-collapsible-replyview\"><div class=\"docos-replyview-static\"><div class=\"docos-replyview-body docos-anchoredreplyview-body\" dir=\"ltr\">Fiestas Patrias en Cusco, Puno y Arequipa<\/div><\/div><\/div><\/div><\/div><\/div>\t\t\t\t\t\t\t\t<\/div>\n\t\t\t\t<\/div>\n\t\t\t\t\t<\/div>\n\t\t<\/div>\n\t\t\t\t\t<\/div>\n\t\t<\/section>\n\t\t\t\t<section class=\"elementor-section elementor-top-section elementor-element elementor-element-66f7b314 elementor-section-boxed elementor-section-height-default elementor-section-height-default\" data-id=\"66f7b314\" data-element_type=\"section\" data-settings=\"{&quot;background_background&quot;:&quot;classic&quot;}\">\n\t\t\t\t\t\t<div class=\"elementor-container elementor-column-gap-default\">\n\t\t\t\t\t<div class=\"elementor-column elementor-col-100 elementor-top-column elementor-element elementor-element-28db6e3e\" data-id=\"28db6e3e\" data-element_type=\"column\">\n\t\t\t<div class=\"elementor-widget-wrap elementor-element-populated\">\n\t\t\t\t\t\t<div class=\"elementor-element elementor-element-3c96909a elementor-widget elementor-widget-text-editor\" data-id=\"3c96909a\" data-element_type=\"widget\" data-widget_type=\"text-editor.default\">\n\t\t\t\t<div class=\"elementor-widget-container\">\n\t\t\t\t\t\t\t\t\t<p><span style=\"font-weight: 400;\">El 28 de Julio es una fecha muy importante para todos los peruanos, ya que se celebran las Fiestas Patrias, memorando la <\/span><b>declaraci\u00f3n de la independencia por parte de Don Jos\u00e9 de San Mart\u00edn<\/b><span style=\"font-weight: 400;\">. Durante Fiestas Patrias, hay distintas tradiciones y costumbres a nivel nacional, caracter\u00edsticos de cada regi\u00f3n.<\/span><\/p>\t\t\t\t\t\t\t\t<\/div>\n\t\t\t\t<\/div>\n\t\t\t\t\t<\/div>\n\t\t<\/div>\n\t\t\t\t\t<\/div>\n\t\t<\/section>\n\t\t\t\t<section class=\"elementor-section elementor-top-section elementor-element elementor-element-75727228 elementor-section-content-middle elementor-section-boxed elementor-section-height-default elementor-section-height-default\" data-id=\"75727228\" data-element_type=\"section\">\n\t\t\t\t\t\t<div class=\"elementor-container elementor-column-gap-wider\">\n\t\t\t\t\t<div class=\"elementor-column elementor-col-50 elementor-top-column elementor-element elementor-element-39a27bb6\" data-id=\"39a27bb6\" data-element_type=\"column\">\n\t\t\t<div class=\"elementor-widget-wrap elementor-element-populated\">\n\t\t\t\t\t\t<div class=\"elementor-element elementor-element-191c3349 elementor-widget elementor-widget-heading\" data-id=\"191c3349\" data-element_type=\"widget\" data-widget_type=\"heading.default\">\n\t\t\t\t<div class=\"elementor-widget-container\">\n\t\t\t\t\t<h3 class=\"elementor-heading-title elementor-size-default\">Fiestas Patrias en Cusco<\/h3>\t\t\t\t<\/div>\n\t\t\t\t<\/div>\n\t\t\t\t<div class=\"elementor-element elementor-element-6eb6c9f4 elementor-widget elementor-widget-text-editor\" data-id=\"6eb6c9f4\" data-element_type=\"widget\" data-widget_type=\"text-editor.default\">\n\t\t\t\t<div class=\"elementor-widget-container\">\n\t\t\t\t\t\t\t\t\t<p><span style=\"font-weight: 400;\">La <a href=\"https:\/\/www.perurail.com\/es\/destinos\/cusco\/\">ciudad<\/a> se ubica en los Andes peruanos a 3,399 metros sobre el nivel del mar y cuentan con temperaturas desde los 3\u00b0C hasta los 14\u00b0C en estas fechas de julio, por lo que se recomienda a los viajeros llevar ropa que abrigue, guantes, medias gruesas, etc.<\/span><\/p>\t\t\t\t\t\t\t\t<\/div>\n\t\t\t\t<\/div>\n\t\t\t\t\t<\/div>\n\t\t<\/div>\n\t\t\t\t<div class=\"elementor-column elementor-col-50 elementor-top-column elementor-element elementor-element-35b37263\" data-id=\"35b37263\" data-element_type=\"column\">\n\t\t\t<div class=\"elementor-widget-wrap elementor-element-populated\">\n\t\t\t\t\t\t<div class=\"elementor-element elementor-element-4f9cf788 elementor-widget elementor-widget-image\" data-id=\"4f9cf788\" data-element_type=\"widget\" data-widget_type=\"image.default\">\n\t\t\t\t<div class=\"elementor-widget-container\">\n\t\t\t\t\t\t\t\t\t\t\t\t\t\t\t<img fetchpriority=\"high\" decoding=\"async\" width=\"955\" height=\"535\" src=\"https:\/\/www.perurail.com\/wp-content\/uploads\/2016\/02\/ciudadela-de-machu-picchu-maravilla-del-mundo-cusco-perurail.jpg\" class=\"attachment-large size-large wp-image-2816\" alt=\"Machu Picchu\" srcset=\"https:\/\/www.perurail.com\/wp-content\/uploads\/2016\/02\/ciudadela-de-machu-picchu-maravilla-del-mundo-cusco-perurail.jpg 955w, https:\/\/www.perurail.com\/wp-content\/uploads\/2016\/02\/ciudadela-de-machu-picchu-maravilla-del-mundo-cusco-perurail-300x168.jpg 300w, https:\/\/www.perurail.com\/wp-content\/uploads\/2016\/02\/ciudadela-de-machu-picchu-maravilla-del-mundo-cusco-perurail-768x430.jpg 768w\" sizes=\"(max-width: 955px) 100vw, 955px\" \/>\t\t\t\t\t\t\t\t\t\t\t\t\t\t\t<\/div>\n\t\t\t\t<\/div>\n\t\t\t\t\t<\/div>\n\t\t<\/div>\n\t\t\t\t\t<\/div>\n\t\t<\/section>\n\t\t\t\t<section class=\"elementor-section elementor-top-section elementor-element elementor-element-4ca3e4d7 elementor-section-boxed elementor-section-height-default elementor-section-height-default\" data-id=\"4ca3e4d7\" data-element_type=\"section\">\n\t\t\t\t\t\t<div class=\"elementor-container elementor-column-gap-default\">\n\t\t\t\t\t<div class=\"elementor-column elementor-col-100 elementor-top-column elementor-element elementor-element-5a2627ae\" data-id=\"5a2627ae\" data-element_type=\"column\">\n\t\t\t<div class=\"elementor-widget-wrap elementor-element-populated\">\n\t\t\t\t\t\t<div class=\"elementor-element elementor-element-51c0925 elementor-widget elementor-widget-heading\" data-id=\"51c0925\" data-element_type=\"widget\" data-widget_type=\"heading.default\">\n\t\t\t\t<div class=\"elementor-widget-container\">\n\t\t\t\t\t<h4 class=\"elementor-heading-title elementor-size-default\">\u00bfQu\u00e9 eventos hace Cusco por esas fechas? <\/h4>\t\t\t\t<\/div>\n\t\t\t\t<\/div>\n\t\t\t\t<div class=\"elementor-element elementor-element-17f0f655 elementor-widget elementor-widget-eael-adv-accordion\" data-id=\"17f0f655\" data-element_type=\"widget\" data-widget_type=\"eael-adv-accordion.default\">\n\t\t\t\t<div class=\"elementor-widget-container\">\n\t\t\t\t\t        <div class=\"eael-adv-accordion\" id=\"eael-adv-accordion-17f0f655\" data-scroll-on-click=\"no\" data-scroll-speed=\"300\" data-accordion-id=\"17f0f655\" data-accordion-type=\"accordion\" data-toogle-speed=\"300\">\n    <div class=\"eael-accordion-list\">\n                <div id=\"desfiles\" class=\"elementor-tab-title eael-accordion-header\" tabindex=\"0\" data-tab=\"1\" aria-controls=\"elementor-tab-content-4011\"><span class=\"eael-accordion-tab-title\">Desfiles<\/span><svg aria-hidden=\"true\" class=\"fa-toggle e-font-icon-svg e-fas-angle-right\" viewBox=\"0 0 256 512\" xmlns=\"http:\/\/www.w3.org\/2000\/svg\"><path d=\"M224.3 273l-136 136c-9.4 9.4-24.6 9.4-33.9 0l-22.6-22.6c-9.4-9.4-9.4-24.6 0-33.9l96.4-96.4-96.4-96.4c-9.4-9.4-9.4-24.6 0-33.9L54.3 103c9.4-9.4 24.6-9.4 33.9 0l136 136c9.5 9.4 9.5 24.6.1 34z\"><\/path><\/svg><\/div><div id=\"elementor-tab-content-4011\" class=\"eael-accordion-content clearfix\" data-tab=\"1\" aria-labelledby=\"desfiles\"><p style=\"font-size: 16px; font-style: normal; font-weight: 400;\"><img decoding=\"async\" class=\"wp-image-18970 size-medium alignright\" src=\"https:\/\/www.perurail.com\/wp-content\/uploads\/2023\/10\/desfile-militar-fiestas-patrias-cusco-perurail-300x200.jpg\" alt=\"\" width=\"300\" height=\"200\" \/><\/p>\n<span style=\"font-weight: 400;\">Tienen lugar en la <\/span><a href=\"https:\/\/www.perurail.com\/es\/blog\/plaza-de-armas\/\"><b>Plaza de Armas de Cusco<\/b><\/a><span style=\"font-weight: 400;\"> y es donde se re\u00fanen representantes de las 13 provincias del departamento para hacer gala de sus hermosas danzas. Entre estas danzas tenemos la <\/span>danza de Ca<span style=\"font-size: 16px;\">pac Chuncho<\/span><span style=\"font-weight: 400;\">, <\/span><span style=\"font-size: 16px;\">danza Mestiza Qoyacha<\/span><span style=\"font-weight: 400;\">,<\/span><span style=\"font-size: 16px;\"> danza del Ukuku<\/span><span style=\"font-weight: 400;\">,<\/span><span style=\"font-size: 16px;\"> danza de los negritos<\/span><span style=\"font-weight: 400;\"> y muchas m\u00e1s. Adem\u00e1s, en los desfiles tenemos una competencia de colegios de secundari<\/span><span style=\"font-size: 16px; font-weight: 400;\">a para elegir la mejor actuaci\u00f3n frente al estrado.<\/span><\/div>\n                <\/div><div class=\"eael-accordion-list\">\n                <div id=\"festivales-de-gastronoma\" class=\"elementor-tab-title eael-accordion-header\" tabindex=\"0\" data-tab=\"2\" aria-controls=\"elementor-tab-content-4012\"><span class=\"eael-accordion-tab-title\">Festivales de Gastronom\u00eda<\/span><svg aria-hidden=\"true\" class=\"fa-toggle e-font-icon-svg e-fas-angle-right\" viewBox=\"0 0 256 512\" xmlns=\"http:\/\/www.w3.org\/2000\/svg\"><path d=\"M224.3 273l-136 136c-9.4 9.4-24.6 9.4-33.9 0l-22.6-22.6c-9.4-9.4-9.4-24.6 0-33.9l96.4-96.4-96.4-96.4c-9.4-9.4-9.4-24.6 0-33.9L54.3 103c9.4-9.4 24.6-9.4 33.9 0l136 136c9.5 9.4 9.5 24.6.1 34z\"><\/path><\/svg><\/div><div id=\"elementor-tab-content-4012\" class=\"eael-accordion-content clearfix\" data-tab=\"2\" aria-labelledby=\"festivales-de-gastronoma\"><span style=\"font-weight: 400;\"><img decoding=\"async\" class=\"wp-image-18973 size-medium alignright\" src=\"https:\/\/www.perurail.com\/wp-content\/uploads\/2023\/10\/feria-gastronomica-fiestas-patrias-cusco-perurail-300x200.jpg\" alt=\"\" width=\"300\" height=\"200\" \/>La ciudad de Cusco es muy conocida por sus platillos y las fiestas patrias no son la excepci\u00f3n para exhibirlos. El <\/span><a href=\"https:\/\/www.perurail.com\/es\/turismo\/chiri-uchu-conoce-la-preparacion-del-plato-emblematico-del-corpus-christi\/\"><b>Chiri Uchu<\/b><\/a><span style=\"font-weight: 400;\"> se hace presente una vez m\u00e1s, como en toda festividad importante, al igual que la <\/span>Sopa de Chairo<span style=\"font-weight: 400;\">, el <\/span>Kapchi de Zetas<span style=\"font-weight: 400;\">, el choclo con queso y los populares tamales cusque\u00f1os.<\/span><\/div>\n                <\/div><div class=\"eael-accordion-list\">\n                <div id=\"parada-militar\" class=\"elementor-tab-title eael-accordion-header\" tabindex=\"0\" data-tab=\"3\" aria-controls=\"elementor-tab-content-4013\"><span class=\"eael-accordion-tab-title\">Parada Militar<\/span><svg aria-hidden=\"true\" class=\"fa-toggle e-font-icon-svg e-fas-angle-right\" viewBox=\"0 0 256 512\" xmlns=\"http:\/\/www.w3.org\/2000\/svg\"><path d=\"M224.3 273l-136 136c-9.4 9.4-24.6 9.4-33.9 0l-22.6-22.6c-9.4-9.4-9.4-24.6 0-33.9l96.4-96.4-96.4-96.4c-9.4-9.4-9.4-24.6 0-33.9L54.3 103c9.4-9.4 24.6-9.4 33.9 0l136 136c9.5 9.4 9.5 24.6.1 34z\"><\/path><\/svg><\/div><div id=\"elementor-tab-content-4013\" class=\"eael-accordion-content clearfix\" data-tab=\"3\" aria-labelledby=\"parada-militar\"><span style=\"font-weight: 400;\"><img loading=\"lazy\" decoding=\"async\" class=\"wp-image-18976 size-medium alignright\" src=\"https:\/\/www.perurail.com\/wp-content\/uploads\/2023\/10\/parada-militar-fiestas-patrias-cusco-perurail-300x200.jpg\" alt=\"\" width=\"300\" height=\"200\" \/>En la Avenida De la Cultura podremos apreciar a varias divisiones del Ej\u00e9rcito del Per\u00fa (infanter\u00eda, paracaidistas, etc.) junto a tanques y camiones de combate en un espect\u00e1culo sin igual.<\/span><\/div>\n                <\/div><\/div>\t\t\t\t<\/div>\n\t\t\t\t<\/div>\n\t\t\t\t<div class=\"elementor-element elementor-element-29ddd15e elementor-widget elementor-widget-heading\" data-id=\"29ddd15e\" data-element_type=\"widget\" data-widget_type=\"heading.default\">\n\t\t\t\t<div class=\"elementor-widget-container\">\n\t\t\t\t\t<h4 class=\"elementor-heading-title elementor-size-default\">Trenes para viajar a Machu Picchu<\/h4>\t\t\t\t<\/div>\n\t\t\t\t<\/div>\n\t\t\t\t<section class=\"elementor-section elementor-inner-section elementor-element elementor-element-3c6456cd elementor-section-boxed elementor-section-height-default elementor-section-height-default\" data-id=\"3c6456cd\" data-element_type=\"section\">\n\t\t\t\t\t\t<div class=\"elementor-container elementor-column-gap-default\">\n\t\t\t\t\t<div class=\"elementor-column elementor-col-25 elementor-inner-column elementor-element elementor-element-1316a0a1\" data-id=\"1316a0a1\" data-element_type=\"column\" data-settings=\"{&quot;background_background&quot;:&quot;classic&quot;}\">\n\t\t\t<div class=\"elementor-widget-wrap elementor-element-populated\">\n\t\t\t\t\t\t<div class=\"elementor-element elementor-element-5f96368c elementor-position-top elementor-widget elementor-widget-image-box\" data-id=\"5f96368c\" data-element_type=\"widget\" data-widget_type=\"image-box.default\">\n\t\t\t\t<div class=\"elementor-widget-container\">\n\t\t\t\t\t<div class=\"elementor-image-box-wrapper\"><figure class=\"elementor-image-box-img\"><a href=\"https:\/\/www.perurail.com\/es\/servicio-de-tren\/belmond-hiram-bingham\/\" tabindex=\"-1\"><img loading=\"lazy\" decoding=\"async\" width=\"980\" height=\"550\" src=\"https:\/\/www.perurail.com\/wp-content\/uploads\/2023\/10\/hiram-bingham-tren-lujo-machu-picchu-carrusel.jpg\" class=\"attachment-full size-full wp-image-2708\" alt=\"hiram-bingham-tren-lujo-machu-picchu-carrusel\" srcset=\"https:\/\/www.perurail.com\/wp-content\/uploads\/2023\/10\/hiram-bingham-tren-lujo-machu-picchu-carrusel.jpg 980w, https:\/\/www.perurail.com\/wp-content\/uploads\/2023\/10\/hiram-bingham-tren-lujo-machu-picchu-carrusel-300x168.jpg 300w, https:\/\/www.perurail.com\/wp-content\/uploads\/2023\/10\/hiram-bingham-tren-lujo-machu-picchu-carrusel-768x431.jpg 768w\" sizes=\"(max-width: 980px) 100vw, 980px\" \/><\/a><\/figure><div class=\"elementor-image-box-content\"><h4 class=\"elementor-image-box-title\"><a href=\"https:\/\/www.perurail.com\/es\/servicio-de-tren\/belmond-hiram-bingham\/\">Hiram Bingham,<br> A Belmond Train<\/a><\/h4><\/div><\/div>\t\t\t\t<\/div>\n\t\t\t\t<\/div>\n\t\t\t\t\t<\/div>\n\t\t<\/div>\n\t\t\t\t<div class=\"elementor-column elementor-col-25 elementor-inner-column elementor-element elementor-element-51890b1c\" data-id=\"51890b1c\" data-element_type=\"column\" data-settings=\"{&quot;background_background&quot;:&quot;classic&quot;}\">\n\t\t\t<div class=\"elementor-widget-wrap elementor-element-populated\">\n\t\t\t\t\t\t<div class=\"elementor-element elementor-element-7be0237a elementor-position-top elementor-widget elementor-widget-image-box\" data-id=\"7be0237a\" data-element_type=\"widget\" data-widget_type=\"image-box.default\">\n\t\t\t\t<div class=\"elementor-widget-container\">\n\t\t\t\t\t<div class=\"elementor-image-box-wrapper\"><figure class=\"elementor-image-box-img\"><a href=\"https:\/\/www.perurail.com\/es\/servicio-de-tren\/perurail-vistadome-observatory\/\" tabindex=\"-1\"><img loading=\"lazy\" decoding=\"async\" width=\"980\" height=\"550\" src=\"https:\/\/www.perurail.com\/wp-content\/uploads\/2023\/10\/vistadome-observatory-tren-machu-picchu-carrusel.jpg\" class=\"attachment-full size-full wp-image-2700\" alt=\"vistadome-observatory-tren-machu-picchu-carrusel\" srcset=\"https:\/\/www.perurail.com\/wp-content\/uploads\/2023\/10\/vistadome-observatory-tren-machu-picchu-carrusel.jpg 980w, https:\/\/www.perurail.com\/wp-content\/uploads\/2023\/10\/vistadome-observatory-tren-machu-picchu-carrusel-300x168.jpg 300w, https:\/\/www.perurail.com\/wp-content\/uploads\/2023\/10\/vistadome-observatory-tren-machu-picchu-carrusel-768x431.jpg 768w\" sizes=\"(max-width: 980px) 100vw, 980px\" \/><\/a><\/figure><div class=\"elementor-image-box-content\"><h4 class=\"elementor-image-box-title\"><a href=\"https:\/\/www.perurail.com\/es\/servicio-de-tren\/perurail-vistadome-observatory\/\">PeruRail Vistadome Observatory<\/a><\/h4><\/div><\/div>\t\t\t\t<\/div>\n\t\t\t\t<\/div>\n\t\t\t\t\t<\/div>\n\t\t<\/div>\n\t\t\t\t<div class=\"elementor-column elementor-col-25 elementor-inner-column elementor-element elementor-element-6314048e\" data-id=\"6314048e\" data-element_type=\"column\" data-settings=\"{&quot;background_background&quot;:&quot;classic&quot;}\">\n\t\t\t<div class=\"elementor-widget-wrap elementor-element-populated\">\n\t\t\t\t\t\t<div class=\"elementor-element elementor-element-4e17bd78 elementor-position-top elementor-widget elementor-widget-image-box\" data-id=\"4e17bd78\" data-element_type=\"widget\" data-widget_type=\"image-box.default\">\n\t\t\t\t<div class=\"elementor-widget-container\">\n\t\t\t\t\t<div class=\"elementor-image-box-wrapper\"><figure class=\"elementor-image-box-img\"><a href=\"https:\/\/www.perurail.com\/es\/servicio-de-tren\/perurail-vistadome\/\" tabindex=\"-1\"><img loading=\"lazy\" decoding=\"async\" width=\"980\" height=\"550\" src=\"https:\/\/www.perurail.com\/wp-content\/uploads\/2023\/10\/vistadome-perurail-tren-panoramico-machu-picchu-carrusel.jpg\" class=\"attachment-full size-full wp-image-2706\" alt=\"vistadome-perurail-tren-panoramico-machu-picchu-carrusel\" srcset=\"https:\/\/www.perurail.com\/wp-content\/uploads\/2023\/10\/vistadome-perurail-tren-panoramico-machu-picchu-carrusel.jpg 980w, https:\/\/www.perurail.com\/wp-content\/uploads\/2023\/10\/vistadome-perurail-tren-panoramico-machu-picchu-carrusel-300x168.jpg 300w, https:\/\/www.perurail.com\/wp-content\/uploads\/2023\/10\/vistadome-perurail-tren-panoramico-machu-picchu-carrusel-768x431.jpg 768w\" sizes=\"(max-width: 980px) 100vw, 980px\" \/><\/a><\/figure><div class=\"elementor-image-box-content\"><h4 class=\"elementor-image-box-title\"><a href=\"https:\/\/www.perurail.com\/es\/servicio-de-tren\/perurail-vistadome\/\">PeruRail <br>Vistadome<\/a><\/h4><\/div><\/div>\t\t\t\t<\/div>\n\t\t\t\t<\/div>\n\t\t\t\t\t<\/div>\n\t\t<\/div>\n\t\t\t\t<div class=\"elementor-column elementor-col-25 elementor-inner-column elementor-element elementor-element-57e524a1\" data-id=\"57e524a1\" data-element_type=\"column\" data-settings=\"{&quot;background_background&quot;:&quot;classic&quot;}\">\n\t\t\t<div class=\"elementor-widget-wrap elementor-element-populated\">\n\t\t\t\t\t\t<div class=\"elementor-element elementor-element-3863728a elementor-position-top elementor-widget elementor-widget-image-box\" data-id=\"3863728a\" data-element_type=\"widget\" data-widget_type=\"image-box.default\">\n\t\t\t\t<div class=\"elementor-widget-container\">\n\t\t\t\t\t<div class=\"elementor-image-box-wrapper\"><figure class=\"elementor-image-box-img\"><a href=\"https:\/\/www.perurail.com\/es\/servicio-de-tren\/perurail-expedition\/\" tabindex=\"-1\"><img loading=\"lazy\" decoding=\"async\" width=\"980\" height=\"550\" src=\"https:\/\/www.perurail.com\/wp-content\/uploads\/2023\/10\/expedition-perurail-tren-machu-picchu-carrusel.jpg\" class=\"attachment-full size-full wp-image-2702\" alt=\"expedition-perurail-tren-machu-picchu-carrusel\" srcset=\"https:\/\/www.perurail.com\/wp-content\/uploads\/2023\/10\/expedition-perurail-tren-machu-picchu-carrusel.jpg 980w, https:\/\/www.perurail.com\/wp-content\/uploads\/2023\/10\/expedition-perurail-tren-machu-picchu-carrusel-300x168.jpg 300w, https:\/\/www.perurail.com\/wp-content\/uploads\/2023\/10\/expedition-perurail-tren-machu-picchu-carrusel-768x431.jpg 768w\" sizes=\"(max-width: 980px) 100vw, 980px\" \/><\/a><\/figure><div class=\"elementor-image-box-content\"><h4 class=\"elementor-image-box-title\"><a href=\"https:\/\/www.perurail.com\/es\/servicio-de-tren\/perurail-expedition\/\">PeruRail <br>Expedition<\/a><\/h4><\/div><\/div>\t\t\t\t<\/div>\n\t\t\t\t<\/div>\n\t\t\t\t\t<\/div>\n\t\t<\/div>\n\t\t\t\t\t<\/div>\n\t\t<\/section>\n\t\t\t\t<div class=\"elementor-element elementor-element-474dc6d5 elementor-widget elementor-widget-text-editor\" data-id=\"474dc6d5\" data-element_type=\"widget\" data-widget_type=\"text-editor.default\">\n\t\t\t\t<div class=\"elementor-widget-container\">\n\t\t\t\t\t\t\t\t\t<p><span style=\"font-weight: 400;\">Se les recomienda a los visitantes llevar ropa abrigadora y adquirir el boleto tur\u00edstico de Cusco, adem\u00e1s del boleto a Machu Picchu con anticipaci\u00f3n si planean visitar los distintos sitios arqueol\u00f3gicos.<\/span><\/p>\t\t\t\t\t\t\t\t<\/div>\n\t\t\t\t<\/div>\n\t\t\t\t<div class=\"elementor-element elementor-element-4a5d5291 elementor-align-center elementor-widget elementor-widget-button\" data-id=\"4a5d5291\" data-element_type=\"widget\" data-widget_type=\"button.default\">\n\t\t\t\t<div class=\"elementor-widget-container\">\n\t\t\t\t\t\t\t\t\t<div class=\"elementor-button-wrapper\">\n\t\t\t\t\t<a class=\"elementor-button elementor-button-link elementor-size-sm\" href=\"https:\/\/book.perurail.com\/\">\n\t\t\t\t\t\t<span class=\"elementor-button-content-wrapper\">\n\t\t\t\t\t\t<span class=\"elementor-button-icon\">\n\t\t\t\t<svg aria-hidden=\"true\" class=\"e-font-icon-svg e-fas-shopping-cart\" viewBox=\"0 0 576 512\" xmlns=\"http:\/\/www.w3.org\/2000\/svg\"><path d=\"M528.12 301.319l47.273-208C578.806 78.301 567.391 64 551.99 64H159.208l-9.166-44.81C147.758 8.021 137.93 0 126.529 0H24C10.745 0 0 10.745 0 24v16c0 13.255 10.745 24 24 24h69.883l70.248 343.435C147.325 417.1 136 435.222 136 456c0 30.928 25.072 56 56 56s56-25.072 56-56c0-15.674-6.447-29.835-16.824-40h209.647C430.447 426.165 424 440.326 424 456c0 30.928 25.072 56 56 56s56-25.072 56-56c0-22.172-12.888-41.332-31.579-50.405l5.517-24.276c3.413-15.018-8.002-29.319-23.403-29.319H218.117l-6.545-32h293.145c11.206 0 20.92-7.754 23.403-18.681z\"><\/path><\/svg>\t\t\t<\/span>\n\t\t\t\t\t\t\t\t\t<span class=\"elementor-button-text\">COMPRAR AHORA<\/span>\n\t\t\t\t\t<\/span>\n\t\t\t\t\t<\/a>\n\t\t\t\t<\/div>\n\t\t\t\t\t\t\t\t<\/div>\n\t\t\t\t<\/div>\n\t\t\t\t\t<\/div>\n\t\t<\/div>\n\t\t\t\t\t<\/div>\n\t\t<\/section>\n\t\t\t\t<section class=\"elementor-section elementor-top-section elementor-element elementor-element-595ec4a3 elementor-section-content-middle elementor-section-boxed elementor-section-height-default elementor-section-height-default\" data-id=\"595ec4a3\" data-element_type=\"section\" data-settings=\"{&quot;background_background&quot;:&quot;classic&quot;}\">\n\t\t\t\t\t\t<div class=\"elementor-container elementor-column-gap-default\">\n\t\t\t\t\t<div class=\"elementor-column elementor-col-50 elementor-top-column elementor-element elementor-element-1c9c3514\" data-id=\"1c9c3514\" data-element_type=\"column\">\n\t\t\t<div class=\"elementor-widget-wrap elementor-element-populated\">\n\t\t\t\t\t\t<div class=\"elementor-element elementor-element-592b19d9 elementor-widget elementor-widget-heading\" data-id=\"592b19d9\" data-element_type=\"widget\" data-widget_type=\"heading.default\">\n\t\t\t\t<div class=\"elementor-widget-container\">\n\t\t\t\t\t<h3 class=\"elementor-heading-title elementor-size-default\">Fiestas Patrias en Puno<\/h3>\t\t\t\t<\/div>\n\t\t\t\t<\/div>\n\t\t\t\t<div class=\"elementor-element elementor-element-23de4f37 elementor-widget elementor-widget-text-editor\" data-id=\"23de4f37\" data-element_type=\"widget\" data-widget_type=\"text-editor.default\">\n\t\t\t\t<div class=\"elementor-widget-container\">\n\t\t\t\t\t\t\t\t\t<p><span style=\"font-weight: 400;\">La <\/span>ciudad de <a href=\"https:\/\/www.perurail.com\/es\/destinos\/puno\/\">Puno<\/a><span style=\"font-weight: 400;\"> se ubica a unos 3,827 metros sobre el nivel del mar, coloc\u00e1ndola como la ciudad de mayor altura entre las 3 que hoy tratamos. Es la temporada m\u00e1s fr\u00eda para estas fechas, por lo que sus temperaturas lo ser\u00e1n de igual manera, yendo desde los -4\u00b0C hasta los 14\u00b0C. <\/span><\/p>\t\t\t\t\t\t\t\t<\/div>\n\t\t\t\t<\/div>\n\t\t\t\t\t<\/div>\n\t\t<\/div>\n\t\t\t\t<div class=\"elementor-column elementor-col-50 elementor-top-column elementor-element elementor-element-46644cdb\" data-id=\"46644cdb\" data-element_type=\"column\">\n\t\t\t<div class=\"elementor-widget-wrap elementor-element-populated\">\n\t\t\t\t\t\t<div class=\"elementor-element elementor-element-5b02bc83 elementor-widget elementor-widget-image\" data-id=\"5b02bc83\" data-element_type=\"widget\" data-widget_type=\"image.default\">\n\t\t\t\t<div class=\"elementor-widget-container\">\n\t\t\t\t\t\t\t\t\t\t\t\t\t\t\t<img loading=\"lazy\" decoding=\"async\" width=\"1024\" height=\"576\" src=\"https:\/\/www.perurail.com\/wp-content\/uploads\/2022\/06\/banner-puno-1024x576.jpg\" class=\"attachment-large size-large wp-image-2962\" alt=\"Lago Titicaca en Puno\" srcset=\"https:\/\/www.perurail.com\/wp-content\/uploads\/2022\/06\/banner-puno-1024x576.jpg 1024w, https:\/\/www.perurail.com\/wp-content\/uploads\/2022\/06\/banner-puno-300x169.jpg 300w, https:\/\/www.perurail.com\/wp-content\/uploads\/2022\/06\/banner-puno-768x432.jpg 768w, https:\/\/www.perurail.com\/wp-content\/uploads\/2022\/06\/banner-puno-1536x864.jpg 1536w, https:\/\/www.perurail.com\/wp-content\/uploads\/2022\/06\/banner-puno.jpg 1920w\" sizes=\"(max-width: 1024px) 100vw, 1024px\" \/>\t\t\t\t\t\t\t\t\t\t\t\t\t\t\t<\/div>\n\t\t\t\t<\/div>\n\t\t\t\t\t<\/div>\n\t\t<\/div>\n\t\t\t\t\t<\/div>\n\t\t<\/section>\n\t\t\t\t<section class=\"elementor-section elementor-top-section elementor-element elementor-element-52dcda93 elementor-section-boxed elementor-section-height-default elementor-section-height-default\" data-id=\"52dcda93\" data-element_type=\"section\" data-settings=\"{&quot;background_background&quot;:&quot;classic&quot;}\">\n\t\t\t\t\t\t<div class=\"elementor-container elementor-column-gap-default\">\n\t\t\t\t\t<div class=\"elementor-column elementor-col-100 elementor-top-column elementor-element elementor-element-1897e7d9\" data-id=\"1897e7d9\" data-element_type=\"column\">\n\t\t\t<div class=\"elementor-widget-wrap elementor-element-populated\">\n\t\t\t\t\t\t<div class=\"elementor-element elementor-element-14ef9a5 elementor-widget elementor-widget-heading\" data-id=\"14ef9a5\" data-element_type=\"widget\" data-widget_type=\"heading.default\">\n\t\t\t\t<div class=\"elementor-widget-container\">\n\t\t\t\t\t<h4 class=\"elementor-heading-title elementor-size-default\">\u00bfQu\u00e9 eventos hace Puno por esas fechas?<\/h4>\t\t\t\t<\/div>\n\t\t\t\t<\/div>\n\t\t\t\t<div class=\"elementor-element elementor-element-3a6b859e elementor-widget elementor-widget-eael-adv-accordion\" data-id=\"3a6b859e\" data-element_type=\"widget\" data-widget_type=\"eael-adv-accordion.default\">\n\t\t\t\t<div class=\"elementor-widget-container\">\n\t\t\t\t\t        <div class=\"eael-adv-accordion\" id=\"eael-adv-accordion-3a6b859e\" data-scroll-on-click=\"no\" data-scroll-speed=\"300\" data-accordion-id=\"3a6b859e\" data-accordion-type=\"accordion\" data-toogle-speed=\"300\">\n    <div class=\"eael-accordion-list\">\n                <div id=\"gran-parada-y-desfile-militar\" class=\"elementor-tab-title eael-accordion-header\" tabindex=\"0\" data-tab=\"1\" aria-controls=\"elementor-tab-content-9801\"><span class=\"eael-accordion-tab-title\">Gran Parada y Desfile Militar<\/span><svg aria-hidden=\"true\" class=\"fa-toggle e-font-icon-svg e-fas-angle-right\" viewBox=\"0 0 256 512\" xmlns=\"http:\/\/www.w3.org\/2000\/svg\"><path d=\"M224.3 273l-136 136c-9.4 9.4-24.6 9.4-33.9 0l-22.6-22.6c-9.4-9.4-9.4-24.6 0-33.9l96.4-96.4-96.4-96.4c-9.4-9.4-9.4-24.6 0-33.9L54.3 103c9.4-9.4 24.6-9.4 33.9 0l136 136c9.5 9.4 9.5 24.6.1 34z\"><\/path><\/svg><\/div><div id=\"elementor-tab-content-9801\" class=\"eael-accordion-content clearfix\" data-tab=\"1\" aria-labelledby=\"gran-parada-y-desfile-militar\"><p style=\"font-size: 16px; font-style: normal; font-weight: 400;\"><img loading=\"lazy\" decoding=\"async\" class=\"size-medium wp-image-1291 alignright\" src=\"https:\/\/www.perurail.com\/wp-content\/uploads\/2022\/07\/Foto-2-300x169.jpg\" alt=\"\" width=\"300\" height=\"169\" \/><\/p><p>Diversas instituciones y delegaciones de la regi\u00f3n se re\u00fanen para el desfile c\u00edvico militar en la Avenida Costanera. Entre los participantes contamos con universidades, instituciones p\u00fablicas, la Marina de Guerra, el Ej\u00e9rcito del Per\u00fa y la Polic\u00eda Nacional.<\/p><\/div>\n                <\/div><div class=\"eael-accordion-list\">\n                <div id=\"misa-te-deum\" class=\"elementor-tab-title eael-accordion-header\" tabindex=\"0\" data-tab=\"2\" aria-controls=\"elementor-tab-content-9802\"><span class=\"eael-accordion-tab-title\">Misa Te Deum<\/span><svg aria-hidden=\"true\" class=\"fa-toggle e-font-icon-svg e-fas-angle-right\" viewBox=\"0 0 256 512\" xmlns=\"http:\/\/www.w3.org\/2000\/svg\"><path d=\"M224.3 273l-136 136c-9.4 9.4-24.6 9.4-33.9 0l-22.6-22.6c-9.4-9.4-9.4-24.6 0-33.9l96.4-96.4-96.4-96.4c-9.4-9.4-9.4-24.6 0-33.9L54.3 103c9.4-9.4 24.6-9.4 33.9 0l136 136c9.5 9.4 9.5 24.6.1 34z\"><\/path><\/svg><\/div><div id=\"elementor-tab-content-9802\" class=\"eael-accordion-content clearfix\" data-tab=\"2\" aria-labelledby=\"misa-te-deum\"><span style=\"font-weight: 400;\"><img loading=\"lazy\" decoding=\"async\" class=\"size-medium wp-image-1291 alignright\" src=\"https:\/\/www.perurail.com\/wp-content\/uploads\/2022\/07\/Foto-2-300x169.jpg\" alt=\"\" width=\"300\" height=\"169\" \/>Se celebra una misa en la Bas\u00edlica Menor de la Catedral de Puno.\n<\/span><\/div>\n                <\/div><div class=\"eael-accordion-list\">\n                <div id=\"paseo-de-banderas-sobre-el-titicaca\" class=\"elementor-tab-title eael-accordion-header\" tabindex=\"0\" data-tab=\"3\" aria-controls=\"elementor-tab-content-9803\"><span class=\"eael-accordion-tab-title\">Paseo de banderas sobre el Titicaca<\/span><svg aria-hidden=\"true\" class=\"fa-toggle e-font-icon-svg e-fas-angle-right\" viewBox=\"0 0 256 512\" xmlns=\"http:\/\/www.w3.org\/2000\/svg\"><path d=\"M224.3 273l-136 136c-9.4 9.4-24.6 9.4-33.9 0l-22.6-22.6c-9.4-9.4-9.4-24.6 0-33.9l96.4-96.4-96.4-96.4c-9.4-9.4-9.4-24.6 0-33.9L54.3 103c9.4-9.4 24.6-9.4 33.9 0l136 136c9.5 9.4 9.5 24.6.1 34z\"><\/path><\/svg><\/div><div id=\"elementor-tab-content-9803\" class=\"eael-accordion-content clearfix\" data-tab=\"3\" aria-labelledby=\"paseo-de-banderas-sobre-el-titicaca\"><span style=\"font-weight: 400;\"><img loading=\"lazy\" decoding=\"async\" class=\"size-medium wp-image-1291 alignright\" src=\"https:\/\/www.perurail.com\/wp-content\/uploads\/2022\/07\/Foto-2-300x169.jpg\" alt=\"\" width=\"300\" height=\"169\" \/>Las mujeres de las <a href=\"https:\/\/www.perurail.com\/es\/blog-en\/las-islas-flotantes-de-uros-y-su-comunidad\/\"><b>islas de Uros<\/b><\/a>, vestidas en trajes t\u00edpicos de la localidad, realizan un paseo de banderas en sus famos\u00edsimas balsas de totora a trav\u00e9s de las islas. Las podemos escuchar cantando el Himno Nacional, el vals \u201cMi Per\u00fa y muchos otros temas a viva voz.\n<\/span><\/div>\n                <\/div><\/div>\t\t\t\t<\/div>\n\t\t\t\t<\/div>\n\t\t\t\t<div class=\"elementor-element elementor-element-18c5185f elementor-widget elementor-widget-heading\" data-id=\"18c5185f\" data-element_type=\"widget\" data-widget_type=\"heading.default\">\n\t\t\t\t<div class=\"elementor-widget-container\">\n\t\t\t\t\t<h4 class=\"elementor-heading-title elementor-size-default\">Trenes para viajar a Puno<\/h4>\t\t\t\t<\/div>\n\t\t\t\t<\/div>\n\t\t\t\t<section class=\"elementor-section elementor-inner-section elementor-element elementor-element-429e062 elementor-section-boxed elementor-section-height-default elementor-section-height-default\" data-id=\"429e062\" data-element_type=\"section\">\n\t\t\t\t\t\t<div class=\"elementor-container elementor-column-gap-default\">\n\t\t\t\t\t<div class=\"elementor-column elementor-col-25 elementor-inner-column elementor-element elementor-element-43331a1e\" data-id=\"43331a1e\" data-element_type=\"column\" data-settings=\"{&quot;background_background&quot;:&quot;classic&quot;}\">\n\t\t\t<div class=\"elementor-widget-wrap\">\n\t\t\t\t\t\t\t<\/div>\n\t\t<\/div>\n\t\t\t\t<div class=\"elementor-column elementor-col-25 elementor-inner-column elementor-element elementor-element-6db760e2\" data-id=\"6db760e2\" data-element_type=\"column\" data-settings=\"{&quot;background_background&quot;:&quot;classic&quot;}\">\n\t\t\t<div class=\"elementor-widget-wrap elementor-element-populated\">\n\t\t\t\t\t\t<div class=\"elementor-element elementor-element-c26a7b6 elementor-position-top elementor-widget elementor-widget-image-box\" data-id=\"c26a7b6\" data-element_type=\"widget\" data-widget_type=\"image-box.default\">\n\t\t\t\t<div class=\"elementor-widget-container\">\n\t\t\t\t\t<div class=\"elementor-image-box-wrapper\"><figure class=\"elementor-image-box-img\"><a href=\"https:\/\/www.perurail.com\/es\/servicio-de-tren\/belmond-andean-explorer\/\" tabindex=\"-1\"><img loading=\"lazy\" decoding=\"async\" width=\"900\" height=\"476\" src=\"https:\/\/www.perurail.com\/wp-content\/uploads\/2023\/10\/lounge-car-andean-explorer-perurail.jpg\" class=\"attachment-full size-full wp-image-2676\" alt=\"\" srcset=\"https:\/\/www.perurail.com\/wp-content\/uploads\/2023\/10\/lounge-car-andean-explorer-perurail.jpg 900w, https:\/\/www.perurail.com\/wp-content\/uploads\/2023\/10\/lounge-car-andean-explorer-perurail-300x159.jpg 300w, https:\/\/www.perurail.com\/wp-content\/uploads\/2023\/10\/lounge-car-andean-explorer-perurail-768x406.jpg 768w\" sizes=\"(max-width: 900px) 100vw, 900px\" \/><\/a><\/figure><div class=\"elementor-image-box-content\"><h4 class=\"elementor-image-box-title\"><a href=\"https:\/\/www.perurail.com\/es\/servicio-de-tren\/belmond-andean-explorer\/\">Andean Explorer, a Belmond Train<\/a><\/h4><\/div><\/div>\t\t\t\t<\/div>\n\t\t\t\t<\/div>\n\t\t\t\t\t<\/div>\n\t\t<\/div>\n\t\t\t\t<div class=\"elementor-column elementor-col-25 elementor-inner-column elementor-element elementor-element-671ad41f\" data-id=\"671ad41f\" data-element_type=\"column\" data-settings=\"{&quot;background_background&quot;:&quot;classic&quot;}\">\n\t\t\t<div class=\"elementor-widget-wrap elementor-element-populated\">\n\t\t\t\t\t\t<div class=\"elementor-element elementor-element-6cf3c038 elementor-position-top elementor-widget elementor-widget-image-box\" data-id=\"6cf3c038\" data-element_type=\"widget\" data-widget_type=\"image-box.default\">\n\t\t\t\t<div class=\"elementor-widget-container\">\n\t\t\t\t\t<div class=\"elementor-image-box-wrapper\"><figure class=\"elementor-image-box-img\"><a href=\"https:\/\/www.perurail.com\/es\/servicio-de-tren\/perurail-titicaca\/\" tabindex=\"-1\"><img loading=\"lazy\" decoding=\"async\" width=\"1200\" height=\"628\" src=\"https:\/\/www.perurail.com\/wp-content\/uploads\/2022\/08\/10_coche_observatorio_perurail_titicaca-1.jpg\" class=\"attachment-full size-full wp-image-3624\" alt=\"PeruRail Titicaca\" srcset=\"https:\/\/www.perurail.com\/wp-content\/uploads\/2022\/08\/10_coche_observatorio_perurail_titicaca-1.jpg 1200w, https:\/\/www.perurail.com\/wp-content\/uploads\/2022\/08\/10_coche_observatorio_perurail_titicaca-1-300x157.jpg 300w, https:\/\/www.perurail.com\/wp-content\/uploads\/2022\/08\/10_coche_observatorio_perurail_titicaca-1-1024x536.jpg 1024w, https:\/\/www.perurail.com\/wp-content\/uploads\/2022\/08\/10_coche_observatorio_perurail_titicaca-1-768x402.jpg 768w\" sizes=\"(max-width: 1200px) 100vw, 1200px\" \/><\/a><\/figure><div class=\"elementor-image-box-content\"><h4 class=\"elementor-image-box-title\"><a href=\"https:\/\/www.perurail.com\/es\/servicio-de-tren\/perurail-titicaca\/\">PeruRail <br>Titicaca<\/a><\/h4><\/div><\/div>\t\t\t\t<\/div>\n\t\t\t\t<\/div>\n\t\t\t\t\t<\/div>\n\t\t<\/div>\n\t\t\t\t<div class=\"elementor-column elementor-col-25 elementor-inner-column elementor-element elementor-element-4ce8dd9c\" data-id=\"4ce8dd9c\" data-element_type=\"column\" data-settings=\"{&quot;background_background&quot;:&quot;classic&quot;}\">\n\t\t\t<div class=\"elementor-widget-wrap\">\n\t\t\t\t\t\t\t<\/div>\n\t\t<\/div>\n\t\t\t\t\t<\/div>\n\t\t<\/section>\n\t\t\t\t<div class=\"elementor-element elementor-element-16bbb168 elementor-align-center elementor-widget elementor-widget-button\" data-id=\"16bbb168\" data-element_type=\"widget\" data-widget_type=\"button.default\">\n\t\t\t\t<div class=\"elementor-widget-container\">\n\t\t\t\t\t\t\t\t\t<div class=\"elementor-button-wrapper\">\n\t\t\t\t\t<a class=\"elementor-button elementor-button-link elementor-size-sm\" href=\"https:\/\/book.perurail.com\/?tipoIdioma=2\">\n\t\t\t\t\t\t<span class=\"elementor-button-content-wrapper\">\n\t\t\t\t\t\t<span class=\"elementor-button-icon\">\n\t\t\t\t<svg aria-hidden=\"true\" class=\"e-font-icon-svg e-fas-shopping-cart\" viewBox=\"0 0 576 512\" xmlns=\"http:\/\/www.w3.org\/2000\/svg\"><path d=\"M528.12 301.319l47.273-208C578.806 78.301 567.391 64 551.99 64H159.208l-9.166-44.81C147.758 8.021 137.93 0 126.529 0H24C10.745 0 0 10.745 0 24v16c0 13.255 10.745 24 24 24h69.883l70.248 343.435C147.325 417.1 136 435.222 136 456c0 30.928 25.072 56 56 56s56-25.072 56-56c0-15.674-6.447-29.835-16.824-40h209.647C430.447 426.165 424 440.326 424 456c0 30.928 25.072 56 56 56s56-25.072 56-56c0-22.172-12.888-41.332-31.579-50.405l5.517-24.276c3.413-15.018-8.002-29.319-23.403-29.319H218.117l-6.545-32h293.145c11.206 0 20.92-7.754 23.403-18.681z\"><\/path><\/svg>\t\t\t<\/span>\n\t\t\t\t\t\t\t\t\t<span class=\"elementor-button-text\">COMPRAR AHORA<\/span>\n\t\t\t\t\t<\/span>\n\t\t\t\t\t<\/a>\n\t\t\t\t<\/div>\n\t\t\t\t\t\t\t\t<\/div>\n\t\t\t\t<\/div>\n\t\t\t\t\t<\/div>\n\t\t<\/div>\n\t\t\t\t\t<\/div>\n\t\t<\/section>\n\t\t\t\t<section class=\"elementor-section elementor-top-section elementor-element elementor-element-50fdcb2f elementor-section-content-middle elementor-section-boxed elementor-section-height-default elementor-section-height-default\" data-id=\"50fdcb2f\" data-element_type=\"section\">\n\t\t\t\t\t\t<div class=\"elementor-container elementor-column-gap-default\">\n\t\t\t\t\t<div class=\"elementor-column elementor-col-50 elementor-top-column elementor-element elementor-element-32f40b01\" data-id=\"32f40b01\" data-element_type=\"column\">\n\t\t\t<div class=\"elementor-widget-wrap elementor-element-populated\">\n\t\t\t\t\t\t<div class=\"elementor-element elementor-element-347a645 elementor-widget elementor-widget-heading\" data-id=\"347a645\" data-element_type=\"widget\" data-widget_type=\"heading.default\">\n\t\t\t\t<div class=\"elementor-widget-container\">\n\t\t\t\t\t<h3 class=\"elementor-heading-title elementor-size-default\">Fiestas Patrias en Arequipa<\/h3>\t\t\t\t<\/div>\n\t\t\t\t<\/div>\n\t\t\t\t<div class=\"elementor-element elementor-element-260f647f elementor-widget elementor-widget-text-editor\" data-id=\"260f647f\" data-element_type=\"widget\" data-widget_type=\"text-editor.default\">\n\t\t\t\t<div class=\"elementor-widget-container\">\n\t\t\t\t\t\t\t\t\t<p><span style=\"font-weight: 400;\">La <\/span>ciudad blanca de <a href=\"https:\/\/www.perurail.com\/es\/destinos\/arequipa\/\">Arequipa<\/a><span style=\"font-weight: 400;\"> se ubica a 2,335 metro sobre el nivel del mar y la temperatura para estas fechas suele estar entre los 20\u00b0C y los 24\u00b0C. <\/span><\/p>\t\t\t\t\t\t\t\t<\/div>\n\t\t\t\t<\/div>\n\t\t\t\t\t<\/div>\n\t\t<\/div>\n\t\t\t\t<div class=\"elementor-column elementor-col-50 elementor-top-column elementor-element elementor-element-1da35879\" data-id=\"1da35879\" data-element_type=\"column\">\n\t\t\t<div class=\"elementor-widget-wrap elementor-element-populated\">\n\t\t\t\t\t\t<div class=\"elementor-element elementor-element-738770c1 elementor-widget elementor-widget-image\" data-id=\"738770c1\" data-element_type=\"widget\" data-widget_type=\"image.default\">\n\t\t\t\t<div class=\"elementor-widget-container\">\n\t\t\t\t\t\t\t\t\t\t\t\t\t\t\t<img loading=\"lazy\" decoding=\"async\" width=\"1000\" height=\"680\" src=\"https:\/\/www.perurail.com\/wp-content\/uploads\/2023\/04\/arequipa-perurail-conocenos-1.webp\" class=\"attachment-large size-large wp-image-1682\" alt=\"Arequipa\" srcset=\"https:\/\/www.perurail.com\/wp-content\/uploads\/2023\/04\/arequipa-perurail-conocenos-1.webp 1000w, https:\/\/www.perurail.com\/wp-content\/uploads\/2023\/04\/arequipa-perurail-conocenos-1-300x204.webp 300w, https:\/\/www.perurail.com\/wp-content\/uploads\/2023\/04\/arequipa-perurail-conocenos-1-768x522.webp 768w\" sizes=\"(max-width: 1000px) 100vw, 1000px\" \/>\t\t\t\t\t\t\t\t\t\t\t\t\t\t\t<\/div>\n\t\t\t\t<\/div>\n\t\t\t\t\t<\/div>\n\t\t<\/div>\n\t\t\t\t\t<\/div>\n\t\t<\/section>\n\t\t\t\t<section class=\"elementor-section elementor-top-section elementor-element elementor-element-e4c3ff elementor-section-boxed elementor-section-height-default elementor-section-height-default\" data-id=\"e4c3ff\" data-element_type=\"section\">\n\t\t\t\t\t\t<div class=\"elementor-container elementor-column-gap-default\">\n\t\t\t\t\t<div class=\"elementor-column elementor-col-100 elementor-top-column elementor-element elementor-element-7c96a23d\" data-id=\"7c96a23d\" data-element_type=\"column\">\n\t\t\t<div class=\"elementor-widget-wrap elementor-element-populated\">\n\t\t\t\t\t\t<div class=\"elementor-element elementor-element-b85060c elementor-widget elementor-widget-heading\" data-id=\"b85060c\" data-element_type=\"widget\" data-widget_type=\"heading.default\">\n\t\t\t\t<div class=\"elementor-widget-container\">\n\t\t\t\t\t<h4 class=\"elementor-heading-title elementor-size-default\">\u00bfQu\u00e9 eventos hace Arequipa por esas fechas?<\/h4>\t\t\t\t<\/div>\n\t\t\t\t<\/div>\n\t\t\t\t<div class=\"elementor-element elementor-element-4a4246ad elementor-widget elementor-widget-eael-adv-accordion\" data-id=\"4a4246ad\" data-element_type=\"widget\" data-widget_type=\"eael-adv-accordion.default\">\n\t\t\t\t<div class=\"elementor-widget-container\">\n\t\t\t\t\t        <div class=\"eael-adv-accordion\" id=\"eael-adv-accordion-4a4246ad\" data-scroll-on-click=\"no\" data-scroll-speed=\"300\" data-accordion-id=\"4a4246ad\" data-accordion-type=\"accordion\" data-toogle-speed=\"300\">\n    <div class=\"eael-accordion-list\">\n                <div id=\"desfile-militar\" class=\"elementor-tab-title eael-accordion-header\" tabindex=\"0\" data-tab=\"1\" aria-controls=\"elementor-tab-content-1241\"><span class=\"eael-accordion-tab-title\">Desfile militar<\/span><svg aria-hidden=\"true\" class=\"fa-toggle e-font-icon-svg e-fas-angle-right\" viewBox=\"0 0 256 512\" xmlns=\"http:\/\/www.w3.org\/2000\/svg\"><path d=\"M224.3 273l-136 136c-9.4 9.4-24.6 9.4-33.9 0l-22.6-22.6c-9.4-9.4-9.4-24.6 0-33.9l96.4-96.4-96.4-96.4c-9.4-9.4-9.4-24.6 0-33.9L54.3 103c9.4-9.4 24.6-9.4 33.9 0l136 136c9.5 9.4 9.5 24.6.1 34z\"><\/path><\/svg><\/div><div id=\"elementor-tab-content-1241\" class=\"eael-accordion-content clearfix\" data-tab=\"1\" aria-labelledby=\"desfile-militar\"><p style=\"font-size: 16px; font-style: normal; font-weight: 400;\"><img loading=\"lazy\" decoding=\"async\" class=\"wp-image-2754 size-medium alignright\" src=\"https:\/\/www.perurail.com\/wp-content\/uploads\/2022\/08\/Historia-de-Arequipa-arequipa-perurail-300x157.jpg\" alt=\"\" width=\"300\" height=\"157\" \/><\/p>\n<span style=\"font-weight: 400;\">Al igual que con las otras ciudades, en Arequipa tambi\u00e9n se realiza un desfile militar lleno de patriotismo y donde participan diversas instituciones de la regi\u00f3n.<\/span><\/div>\n                <\/div><div class=\"eael-accordion-list\">\n                <div id=\"ferias-y-conciertos\" class=\"elementor-tab-title eael-accordion-header\" tabindex=\"0\" data-tab=\"2\" aria-controls=\"elementor-tab-content-1242\"><span class=\"eael-accordion-tab-title\">Ferias y conciertos<\/span><svg aria-hidden=\"true\" class=\"fa-toggle e-font-icon-svg e-fas-angle-right\" viewBox=\"0 0 256 512\" xmlns=\"http:\/\/www.w3.org\/2000\/svg\"><path d=\"M224.3 273l-136 136c-9.4 9.4-24.6 9.4-33.9 0l-22.6-22.6c-9.4-9.4-9.4-24.6 0-33.9l96.4-96.4-96.4-96.4c-9.4-9.4-9.4-24.6 0-33.9L54.3 103c9.4-9.4 24.6-9.4 33.9 0l136 136c9.5 9.4 9.5 24.6.1 34z\"><\/path><\/svg><\/div><div id=\"elementor-tab-content-1242\" class=\"eael-accordion-content clearfix\" data-tab=\"2\" aria-labelledby=\"ferias-y-conciertos\"><span style=\"font-weight: 400;\"><img loading=\"lazy\" decoding=\"async\" class=\"wp-image-2754 size-medium alignright\" src=\"https:\/\/www.perurail.com\/wp-content\/uploads\/2022\/08\/Historia-de-Arequipa-arequipa-perurail-300x157.jpg\" alt=\"\" width=\"300\" height=\"157\" \/>Se vive tremendo j\u00fabilo en las calles, tanto es as\u00ed que se realizan ferias locales y regionales, conciertos folcl\u00f3ricos, tocadas de rock e incluso podemos avistar los circos a los alrededores.\n<\/span><\/div>\n                <\/div><div class=\"eael-accordion-list\">\n                <div id=\"fiesta-de-la-chicha\" class=\"elementor-tab-title eael-accordion-header\" tabindex=\"0\" data-tab=\"3\" aria-controls=\"elementor-tab-content-1243\"><span class=\"eael-accordion-tab-title\">Fiesta de la Chicha<\/span><svg aria-hidden=\"true\" class=\"fa-toggle e-font-icon-svg e-fas-angle-right\" viewBox=\"0 0 256 512\" xmlns=\"http:\/\/www.w3.org\/2000\/svg\"><path d=\"M224.3 273l-136 136c-9.4 9.4-24.6 9.4-33.9 0l-22.6-22.6c-9.4-9.4-9.4-24.6 0-33.9l96.4-96.4-96.4-96.4c-9.4-9.4-9.4-24.6 0-33.9L54.3 103c9.4-9.4 24.6-9.4 33.9 0l136 136c9.5 9.4 9.5 24.6.1 34z\"><\/path><\/svg><\/div><div id=\"elementor-tab-content-1243\" class=\"eael-accordion-content clearfix\" data-tab=\"3\" aria-labelledby=\"fiesta-de-la-chicha\"><span style=\"font-weight: 400;\"><img loading=\"lazy\" decoding=\"async\" class=\"wp-image-2754 size-medium alignright\" src=\"https:\/\/www.perurail.com\/wp-content\/uploads\/2022\/08\/Historia-de-Arequipa-arequipa-perurail-300x157.jpg\" alt=\"\" width=\"300\" height=\"157\" \/>A comienzos de agosto se lleva a cabo esta festividad en la plaza de Armas; deliciosa comida de las mejores picanter\u00edas arequipe\u00f1as a tu disposici\u00f3n.\n<\/span><\/div>\n                <\/div><div class=\"eael-accordion-list\">\n                <div id=\"aniversario-de-la-ciudad\" class=\"elementor-tab-title eael-accordion-header\" tabindex=\"0\" data-tab=\"4\" aria-controls=\"elementor-tab-content-1244\"><span class=\"eael-accordion-tab-title\">Aniversario de la ciudad<\/span><svg aria-hidden=\"true\" class=\"fa-toggle e-font-icon-svg e-fas-angle-right\" viewBox=\"0 0 256 512\" xmlns=\"http:\/\/www.w3.org\/2000\/svg\"><path d=\"M224.3 273l-136 136c-9.4 9.4-24.6 9.4-33.9 0l-22.6-22.6c-9.4-9.4-9.4-24.6 0-33.9l96.4-96.4-96.4-96.4c-9.4-9.4-9.4-24.6 0-33.9L54.3 103c9.4-9.4 24.6-9.4 33.9 0l136 136c9.5 9.4 9.5 24.6.1 34z\"><\/path><\/svg><\/div><div id=\"elementor-tab-content-1244\" class=\"eael-accordion-content clearfix\" data-tab=\"4\" aria-labelledby=\"aniversario-de-la-ciudad\"><span style=\"font-weight: 400;\"><img loading=\"lazy\" decoding=\"async\" class=\"wp-image-2754 size-medium alignright\" src=\"https:\/\/www.perurail.com\/wp-content\/uploads\/2022\/08\/Historia-de-Arequipa-arequipa-perurail-300x157.jpg\" alt=\"\" width=\"300\" height=\"157\" \/>Si te quedas lo suficiente (un par de semanas m\u00e1s), estar\u00edas presenciando la festividad por el aniversario de Arequipa. Carros aleg\u00f3ricos, verbenas, espect\u00e1culos culturales y deportivos, fuegos artificiales y mucho m\u00e1s.\n<\/span><\/div>\n                <\/div><\/div>\t\t\t\t<\/div>\n\t\t\t\t<\/div>\n\t\t\t\t<div class=\"elementor-element elementor-element-67c9d2be elementor-widget elementor-widget-heading\" data-id=\"67c9d2be\" data-element_type=\"widget\" data-widget_type=\"heading.default\">\n\t\t\t\t<div class=\"elementor-widget-container\">\n\t\t\t\t\t<h4 class=\"elementor-heading-title elementor-size-default\">Trenes para viajar a Arequipa<\/h4>\t\t\t\t<\/div>\n\t\t\t\t<\/div>\n\t\t\t\t<section class=\"elementor-section elementor-inner-section elementor-element elementor-element-611ab32a elementor-section-boxed elementor-section-height-default elementor-section-height-default\" data-id=\"611ab32a\" data-element_type=\"section\">\n\t\t\t\t\t\t<div class=\"elementor-container elementor-column-gap-default\">\n\t\t\t\t\t<div class=\"elementor-column elementor-col-33 elementor-inner-column elementor-element elementor-element-481844d3\" data-id=\"481844d3\" data-element_type=\"column\" data-settings=\"{&quot;background_background&quot;:&quot;classic&quot;}\">\n\t\t\t<div class=\"elementor-widget-wrap\">\n\t\t\t\t\t\t\t<\/div>\n\t\t<\/div>\n\t\t\t\t<div class=\"elementor-column elementor-col-33 elementor-inner-column elementor-element elementor-element-48f405ce\" data-id=\"48f405ce\" data-element_type=\"column\" data-settings=\"{&quot;background_background&quot;:&quot;classic&quot;}\">\n\t\t\t<div class=\"elementor-widget-wrap elementor-element-populated\">\n\t\t\t\t\t\t<div class=\"elementor-element elementor-element-762989fc elementor-position-top elementor-widget elementor-widget-image-box\" data-id=\"762989fc\" data-element_type=\"widget\" data-widget_type=\"image-box.default\">\n\t\t\t\t<div class=\"elementor-widget-container\">\n\t\t\t\t\t<div class=\"elementor-image-box-wrapper\"><figure class=\"elementor-image-box-img\"><a href=\"https:\/\/www.perurail.com\/es\/servicio-de-tren\/belmond-andean-explorer\/\" tabindex=\"-1\"><img loading=\"lazy\" decoding=\"async\" width=\"900\" height=\"476\" src=\"https:\/\/www.perurail.com\/wp-content\/uploads\/2023\/10\/lounge-car-andean-explorer-perurail.jpg\" class=\"attachment-full size-full wp-image-2676\" alt=\"\" srcset=\"https:\/\/www.perurail.com\/wp-content\/uploads\/2023\/10\/lounge-car-andean-explorer-perurail.jpg 900w, https:\/\/www.perurail.com\/wp-content\/uploads\/2023\/10\/lounge-car-andean-explorer-perurail-300x159.jpg 300w, https:\/\/www.perurail.com\/wp-content\/uploads\/2023\/10\/lounge-car-andean-explorer-perurail-768x406.jpg 768w\" sizes=\"(max-width: 900px) 100vw, 900px\" \/><\/a><\/figure><div class=\"elementor-image-box-content\"><h4 class=\"elementor-image-box-title\"><a href=\"https:\/\/www.perurail.com\/es\/servicio-de-tren\/belmond-andean-explorer\/\">Andean Explorer, a Belmond Train<\/a><\/h4><\/div><\/div>\t\t\t\t<\/div>\n\t\t\t\t<\/div>\n\t\t\t\t\t<\/div>\n\t\t<\/div>\n\t\t\t\t<div class=\"elementor-column elementor-col-33 elementor-inner-column elementor-element elementor-element-638f669c\" data-id=\"638f669c\" data-element_type=\"column\" data-settings=\"{&quot;background_background&quot;:&quot;classic&quot;}\">\n\t\t\t<div class=\"elementor-widget-wrap\">\n\t\t\t\t\t\t\t<\/div>\n\t\t<\/div>\n\t\t\t\t\t<\/div>\n\t\t<\/section>\n\t\t\t\t<div class=\"elementor-element elementor-element-1b46a080 elementor-align-center elementor-widget elementor-widget-button\" data-id=\"1b46a080\" data-element_type=\"widget\" data-widget_type=\"button.default\">\n\t\t\t\t<div class=\"elementor-widget-container\">\n\t\t\t\t\t\t\t\t\t<div class=\"elementor-button-wrapper\">\n\t\t\t\t\t<a class=\"elementor-button elementor-button-link elementor-size-sm\" href=\"https:\/\/book.perurail.com\/?tipoIdioma=2\">\n\t\t\t\t\t\t<span class=\"elementor-button-content-wrapper\">\n\t\t\t\t\t\t<span class=\"elementor-button-icon\">\n\t\t\t\t<svg aria-hidden=\"true\" class=\"e-font-icon-svg e-fas-shopping-cart\" viewBox=\"0 0 576 512\" xmlns=\"http:\/\/www.w3.org\/2000\/svg\"><path d=\"M528.12 301.319l47.273-208C578.806 78.301 567.391 64 551.99 64H159.208l-9.166-44.81C147.758 8.021 137.93 0 126.529 0H24C10.745 0 0 10.745 0 24v16c0 13.255 10.745 24 24 24h69.883l70.248 343.435C147.325 417.1 136 435.222 136 456c0 30.928 25.072 56 56 56s56-25.072 56-56c0-15.674-6.447-29.835-16.824-40h209.647C430.447 426.165 424 440.326 424 456c0 30.928 25.072 56 56 56s56-25.072 56-56c0-22.172-12.888-41.332-31.579-50.405l5.517-24.276c3.413-15.018-8.002-29.319-23.403-29.319H218.117l-6.545-32h293.145c11.206 0 20.92-7.754 23.403-18.681z\"><\/path><\/svg>\t\t\t<\/span>\n\t\t\t\t\t\t\t\t\t<span class=\"elementor-button-text\">COMPRAR AHORA<\/span>\n\t\t\t\t\t<\/span>\n\t\t\t\t\t<\/a>\n\t\t\t\t<\/div>\n\t\t\t\t\t\t\t\t<\/div>\n\t\t\t\t<\/div>\n\t\t\t\t\t<\/div>\n\t\t<\/div>\n\t\t\t\t\t<\/div>\n\t\t<\/section>\n\t\t\t\t<section class=\"elementor-section elementor-top-section elementor-element elementor-element-41687040 elementor-section-boxed elementor-section-height-default elementor-section-height-default\" data-id=\"41687040\" data-element_type=\"section\" data-settings=\"{&quot;background_background&quot;:&quot;classic&quot;}\">\n\t\t\t\t\t\t<div class=\"elementor-container elementor-column-gap-default\">\n\t\t\t\t\t<div class=\"elementor-column elementor-col-100 elementor-top-column elementor-element elementor-element-397e395a\" data-id=\"397e395a\" data-element_type=\"column\">\n\t\t\t<div class=\"elementor-widget-wrap elementor-element-populated\">\n\t\t\t\t\t\t<div class=\"elementor-element elementor-element-180e1f87 elementor-widget elementor-widget-heading\" data-id=\"180e1f87\" data-element_type=\"widget\" data-widget_type=\"heading.default\">\n\t\t\t\t<div class=\"elementor-widget-container\">\n\t\t\t\t\t<h3 class=\"elementor-heading-title elementor-size-default\">Recomendaciones para tu viaje:<\/h3>\t\t\t\t<\/div>\n\t\t\t\t<\/div>\n\t\t\t\t<div class=\"elementor-element elementor-element-4b3b9bde elementor-icon-list--layout-traditional elementor-list-item-link-full_width elementor-widget elementor-widget-icon-list\" data-id=\"4b3b9bde\" data-element_type=\"widget\" data-widget_type=\"icon-list.default\">\n\t\t\t\t<div class=\"elementor-widget-container\">\n\t\t\t\t\t\t\t<ul class=\"elementor-icon-list-items\">\n\t\t\t\t\t\t\t<li class=\"elementor-icon-list-item\">\n\t\t\t\t\t\t\t\t\t\t\t<span class=\"elementor-icon-list-icon\">\n\t\t\t\t\t\t\t<svg aria-hidden=\"true\" class=\"e-font-icon-svg e-far-check-circle\" viewBox=\"0 0 512 512\" xmlns=\"http:\/\/www.w3.org\/2000\/svg\"><path d=\"M256 8C119.033 8 8 119.033 8 256s111.033 248 248 248 248-111.033 248-248S392.967 8 256 8zm0 48c110.532 0 200 89.451 200 200 0 110.532-89.451 200-200 200-110.532 0-200-89.451-200-200 0-110.532 89.451-200 200-200m140.204 130.267l-22.536-22.718c-4.667-4.705-12.265-4.736-16.97-.068L215.346 303.697l-59.792-60.277c-4.667-4.705-12.265-4.736-16.97-.069l-22.719 22.536c-4.705 4.667-4.736 12.265-.068 16.971l90.781 91.516c4.667 4.705 12.265 4.736 16.97.068l172.589-171.204c4.704-4.668 4.734-12.266.067-16.971z\"><\/path><\/svg>\t\t\t\t\t\t<\/span>\n\t\t\t\t\t\t\t\t\t\t<span class=\"elementor-icon-list-text\">Llevar ponchos de pl\u00e1stico, paraguas y\/o casacas impermeables <\/span>\n\t\t\t\t\t\t\t\t\t<\/li>\n\t\t\t\t\t\t\t\t<li class=\"elementor-icon-list-item\">\n\t\t\t\t\t\t\t\t\t\t\t<span class=\"elementor-icon-list-icon\">\n\t\t\t\t\t\t\t<svg aria-hidden=\"true\" class=\"e-font-icon-svg e-far-check-circle\" viewBox=\"0 0 512 512\" xmlns=\"http:\/\/www.w3.org\/2000\/svg\"><path d=\"M256 8C119.033 8 8 119.033 8 256s111.033 248 248 248 248-111.033 248-248S392.967 8 256 8zm0 48c110.532 0 200 89.451 200 200 0 110.532-89.451 200-200 200-110.532 0-200-89.451-200-200 0-110.532 89.451-200 200-200m140.204 130.267l-22.536-22.718c-4.667-4.705-12.265-4.736-16.97-.068L215.346 303.697l-59.792-60.277c-4.667-4.705-12.265-4.736-16.97-.069l-22.719 22.536c-4.705 4.667-4.736 12.265-.068 16.971l90.781 91.516c4.667 4.705 12.265 4.736 16.97.068l172.589-171.204c4.704-4.668 4.734-12.266.067-16.971z\"><\/path><\/svg>\t\t\t\t\t\t<\/span>\n\t\t\t\t\t\t\t\t\t\t<span class=\"elementor-icon-list-text\">Sombrero y lentes de sol<\/span>\n\t\t\t\t\t\t\t\t\t<\/li>\n\t\t\t\t\t\t\t\t<li class=\"elementor-icon-list-item\">\n\t\t\t\t\t\t\t\t\t\t\t<span class=\"elementor-icon-list-icon\">\n\t\t\t\t\t\t\t<svg aria-hidden=\"true\" class=\"e-font-icon-svg e-far-check-circle\" viewBox=\"0 0 512 512\" xmlns=\"http:\/\/www.w3.org\/2000\/svg\"><path d=\"M256 8C119.033 8 8 119.033 8 256s111.033 248 248 248 248-111.033 248-248S392.967 8 256 8zm0 48c110.532 0 200 89.451 200 200 0 110.532-89.451 200-200 200-110.532 0-200-89.451-200-200 0-110.532 89.451-200 200-200m140.204 130.267l-22.536-22.718c-4.667-4.705-12.265-4.736-16.97-.068L215.346 303.697l-59.792-60.277c-4.667-4.705-12.265-4.736-16.97-.069l-22.719 22.536c-4.705 4.667-4.736 12.265-.068 16.971l90.781 91.516c4.667 4.705 12.265 4.736 16.97.068l172.589-171.204c4.704-4.668 4.734-12.266.067-16.971z\"><\/path><\/svg>\t\t\t\t\t\t<\/span>\n\t\t\t\t\t\t\t\t\t\t<span class=\"elementor-icon-list-text\">Bloqueador solar<\/span>\n\t\t\t\t\t\t\t\t\t<\/li>\n\t\t\t\t\t\t\t\t<li class=\"elementor-icon-list-item\">\n\t\t\t\t\t\t\t\t\t\t\t<span class=\"elementor-icon-list-icon\">\n\t\t\t\t\t\t\t<svg aria-hidden=\"true\" class=\"e-font-icon-svg e-far-check-circle\" viewBox=\"0 0 512 512\" xmlns=\"http:\/\/www.w3.org\/2000\/svg\"><path d=\"M256 8C119.033 8 8 119.033 8 256s111.033 248 248 248 248-111.033 248-248S392.967 8 256 8zm0 48c110.532 0 200 89.451 200 200 0 110.532-89.451 200-200 200-110.532 0-200-89.451-200-200 0-110.532 89.451-200 200-200m140.204 130.267l-22.536-22.718c-4.667-4.705-12.265-4.736-16.97-.068L215.346 303.697l-59.792-60.277c-4.667-4.705-12.265-4.736-16.97-.069l-22.719 22.536c-4.705 4.667-4.736 12.265-.068 16.971l90.781 91.516c4.667 4.705 12.265 4.736 16.97.068l172.589-171.204c4.704-4.668 4.734-12.266.067-16.971z\"><\/path><\/svg>\t\t\t\t\t\t<\/span>\n\t\t\t\t\t\t\t\t\t\t<span class=\"elementor-icon-list-text\">Crema hidratante<\/span>\n\t\t\t\t\t\t\t\t\t<\/li>\n\t\t\t\t\t\t\t\t<li class=\"elementor-icon-list-item\">\n\t\t\t\t\t\t\t\t\t\t\t<span class=\"elementor-icon-list-icon\">\n\t\t\t\t\t\t\t<svg aria-hidden=\"true\" class=\"e-font-icon-svg e-far-check-circle\" viewBox=\"0 0 512 512\" xmlns=\"http:\/\/www.w3.org\/2000\/svg\"><path d=\"M256 8C119.033 8 8 119.033 8 256s111.033 248 248 248 248-111.033 248-248S392.967 8 256 8zm0 48c110.532 0 200 89.451 200 200 0 110.532-89.451 200-200 200-110.532 0-200-89.451-200-200 0-110.532 89.451-200 200-200m140.204 130.267l-22.536-22.718c-4.667-4.705-12.265-4.736-16.97-.068L215.346 303.697l-59.792-60.277c-4.667-4.705-12.265-4.736-16.97-.069l-22.719 22.536c-4.705 4.667-4.736 12.265-.068 16.971l90.781 91.516c4.667 4.705 12.265 4.736 16.97.068l172.589-171.204c4.704-4.668 4.734-12.266.067-16.971z\"><\/path><\/svg>\t\t\t\t\t\t<\/span>\n\t\t\t\t\t\t\t\t\t\t<span class=\"elementor-icon-list-text\">Repelente<\/span>\n\t\t\t\t\t\t\t\t\t<\/li>\n\t\t\t\t\t\t<\/ul>\n\t\t\t\t\t\t<\/div>\n\t\t\t\t<\/div>\n\t\t\t\t\t<\/div>\n\t\t<\/div>\n\t\t\t\t\t<\/div>\n\t\t<\/section>\n\t\t\t\t<\/div>\n\t\t","protected":false},"excerpt":{"rendered":"<p>FIESTAS PATRIAS Fiestas Patrias en Cusco, Puno y Arequipa El 28 de Julio es una fecha muy importante para todos los peruanos, ya que se celebran las Fiestas Patrias, memorando la declaraci\u00f3n de la independencia por parte de Don Jos\u00e9 de San Mart\u00edn. Durante Fiestas Patrias, hay distintas tradiciones y costumbres a nivel nacional, caracter\u00edsticos &hellip;<\/p>\n<p class=\"read-more\"> <a class=\"\" href=\"https:\/\/www.perurail.com\/es\/fiestas-patrias\/\"> <span class=\"screen-reader-text\">FIESTAS PATRIAS<\/span> Leer m\u00e1s &raquo;<\/a><\/p>\n","protected":false},"author":2,"featured_media":0,"parent":0,"menu_order":0,"comment_status":"closed","ping_status":"closed","template":"","meta":{"site-sidebar-layout":"no-sidebar","site-content-layout":"page-builder","ast-site-content-layout":"full-width-container","site-content-style":"default","site-sidebar-style":"default","ast-global-header-display":"","ast-banner-title-visibility":"","ast-main-header-display":"","ast-hfb-above-header-display":"","ast-hfb-below-header-display":"","ast-hfb-mobile-header-display":"","site-post-title":"disabled","ast-breadcrumbs-content":"","ast-featured-img":"disabled","footer-sml-layout":"","theme-transparent-header-meta":"","adv-header-id-meta":"","stick-header-meta":"","header-above-stick-meta":"","header-main-stick-meta":"","header-below-stick-meta":"","astra-migrate-meta-layouts":"default","ast-page-background-enabled":"default","ast-page-background-meta":{"desktop":{"background-color":"var(--ast-global-color-4)","background-image":"","background-repeat":"repeat","background-position":"center center","background-size":"auto","background-attachment":"scroll","background-type":"","background-media":"","overlay-type":"","overlay-color":"","overlay-gradient":""},"tablet":{"background-color":"","background-image":"","background-repeat":"repeat","background-position":"center center","background-size":"auto","background-attachment":"scroll","background-type":"","background-media":"","overlay-type":"","overlay-color":"","overlay-gradient":""},"mobile":{"background-color":"","background-image":"","background-repeat":"repeat","background-position":"center center","background-size":"auto","background-attachment":"scroll","background-type":"","background-media":"","overlay-type":"","overlay-color":"","overlay-gradient":""}},"ast-content-background-meta":{"desktop":{"background-color":"var(--ast-global-color-5)","background-image":"","background-repeat":"repeat","background-position":"center center","background-size":"auto","background-attachment":"scroll","background-type":"","background-media":"","overlay-type":"","overlay-color":"","overlay-gradient":""},"tablet":{"background-color":"var(--ast-global-color-5)","background-image":"","background-repeat":"repeat","background-position":"center center","background-size":"auto","background-attachment":"scroll","background-type":"","background-media":"","overlay-type":"","overlay-color":"","overlay-gradient":""},"mobile":{"background-color":"var(--ast-global-color-5)","background-image":"","background-repeat":"repeat","background-position":"center center","background-size":"auto","background-attachment":"scroll","background-type":"","background-media":"","overlay-type":"","overlay-color":"","overlay-gradient":""}},"footnotes":""},"class_list":["post-4704","page","type-page","status-publish","hentry"],"yoast_head":"<!-- This site is optimized with the Yoast SEO plugin v25.9 - https:\/\/yoast.com\/wordpress\/plugins\/seo\/ -->\n<title>Fiestas Patrias en Cusco, Puno y Arequipa | PeruRail<\/title>\n<meta name=\"description\" content=\"Conoce qu\u00e9 actividades se realizan por el D\u00eda de la Independencia de Per\u00fa en Cusco, Puno y Arequipa. Disfruta el feriado largo viajando.\" \/>\n<meta name=\"robots\" content=\"index, follow, max-snippet:-1, max-image-preview:large, max-video-preview:-1\" \/>\n<link rel=\"canonical\" href=\"https:\/\/www.perurail.com\/es\/fiestas-patrias\/\" \/>\n<meta property=\"og:locale\" content=\"es_ES\" \/>\n<meta property=\"og:type\" content=\"article\" \/>\n<meta property=\"og:title\" content=\"Fiestas Patrias en Cusco, Puno y Arequipa | PeruRail\" \/>\n<meta property=\"og:description\" content=\"Conoce qu\u00e9 actividades se realizan por el D\u00eda de la Independencia de Per\u00fa en Cusco, Puno y Arequipa. Disfruta el feriado largo viajando.\" \/>\n<meta property=\"og:url\" content=\"https:\/\/www.perurail.com\/es\/fiestas-patrias\/\" \/>\n<meta property=\"og:site_name\" content=\"Train to Machu Picchu - Ollantaytambo - Cusco | Peru Rail | Deals | Perurail\" \/>\n<meta property=\"article:modified_time\" content=\"2025-02-17T20:37:32+00:00\" \/>\n<meta property=\"og:image\" content=\"https:\/\/www.perurail.com\/wp-content\/uploads\/2023\/10\/parada-militar-fiestas-patrias-cusco-perurail.jpg\" \/>\n\t<meta property=\"og:image:width\" content=\"884\" \/>\n\t<meta property=\"og:image:height\" content=\"588\" \/>\n\t<meta property=\"og:image:type\" content=\"image\/jpeg\" \/>\n<meta name=\"twitter:card\" content=\"summary_large_image\" \/>\n<meta name=\"twitter:label1\" content=\"Tiempo de lectura\" \/>\n\t<meta name=\"twitter:data1\" content=\"8 minutos\" \/>\n<script type=\"application\/ld+json\" class=\"yoast-schema-graph\">{\"@context\":\"https:\/\/schema.org\",\"@graph\":[{\"@type\":\"WebPage\",\"@id\":\"https:\/\/www.perurail.com\/es\/fiestas-patrias\/\",\"url\":\"https:\/\/www.perurail.com\/es\/fiestas-patrias\/\",\"name\":\"Fiestas Patrias en Cusco, Puno y Arequipa | PeruRail\",\"isPartOf\":{\"@id\":\"https:\/\/www.perurail.com\/es\/#website\"},\"primaryImageOfPage\":{\"@id\":\"https:\/\/www.perurail.com\/es\/fiestas-patrias\/#primaryimage\"},\"image\":{\"@id\":\"https:\/\/www.perurail.com\/es\/fiestas-patrias\/#primaryimage\"},\"thumbnailUrl\":\"https:\/\/www.perurail.com\/wp-content\/uploads\/2016\/02\/ciudadela-de-machu-picchu-maravilla-del-mundo-cusco-perurail.jpg\",\"datePublished\":\"2024-01-04T17:15:12+00:00\",\"dateModified\":\"2025-02-17T20:37:32+00:00\",\"description\":\"Conoce qu\u00e9 actividades se realizan por el D\u00eda de la Independencia de Per\u00fa en Cusco, Puno y Arequipa. Disfruta el feriado largo viajando.\",\"inLanguage\":\"es\",\"potentialAction\":[{\"@type\":\"ReadAction\",\"target\":[\"https:\/\/www.perurail.com\/es\/fiestas-patrias\/\"]}]},{\"@type\":\"ImageObject\",\"inLanguage\":\"es\",\"@id\":\"https:\/\/www.perurail.com\/es\/fiestas-patrias\/#primaryimage\",\"url\":\"https:\/\/www.perurail.com\/wp-content\/uploads\/2016\/02\/ciudadela-de-machu-picchu-maravilla-del-mundo-cusco-perurail.jpg\",\"contentUrl\":\"https:\/\/www.perurail.com\/wp-content\/uploads\/2016\/02\/ciudadela-de-machu-picchu-maravilla-del-mundo-cusco-perurail.jpg\"},{\"@type\":\"WebSite\",\"@id\":\"https:\/\/www.perurail.com\/es\/#website\",\"url\":\"https:\/\/www.perurail.com\/es\/\",\"name\":\"Train to Machu Picchu - Ollantaytambo - Cusco | Peru Rail | Deals | Perurail\",\"description\":\"\",\"potentialAction\":[{\"@type\":\"SearchAction\",\"target\":{\"@type\":\"EntryPoint\",\"urlTemplate\":\"https:\/\/www.perurail.com\/es\/?s={search_term_string}\"},\"query-input\":{\"@type\":\"PropertyValueSpecification\",\"valueRequired\":true,\"valueName\":\"search_term_string\"}}],\"inLanguage\":\"es\"}]}<\/script>\n<!-- \/ Yoast SEO plugin. -->","yoast_head_json":{"title":"Fiestas Patrias en Cusco, Puno y Arequipa | PeruRail","description":"Conoce qu\u00e9 actividades se realizan por el D\u00eda de la Independencia de Per\u00fa en Cusco, Puno y Arequipa. Disfruta el feriado largo viajando.","robots":{"index":"index","follow":"follow","max-snippet":"max-snippet:-1","max-image-preview":"max-image-preview:large","max-video-preview":"max-video-preview:-1"},"canonical":"https:\/\/www.perurail.com\/es\/fiestas-patrias\/","og_locale":"es_ES","og_type":"article","og_title":"Fiestas Patrias en Cusco, Puno y Arequipa | PeruRail","og_description":"Conoce qu\u00e9 actividades se realizan por el D\u00eda de la Independencia de Per\u00fa en Cusco, Puno y Arequipa. Disfruta el feriado largo viajando.","og_url":"https:\/\/www.perurail.com\/es\/fiestas-patrias\/","og_site_name":"Train to Machu Picchu - Ollantaytambo - Cusco | Peru Rail | Deals | Perurail","article_modified_time":"2025-02-17T20:37:32+00:00","og_image":[{"width":884,"height":588,"url":"https:\/\/www.perurail.com\/wp-content\/uploads\/2023\/10\/parada-militar-fiestas-patrias-cusco-perurail.jpg","type":"image\/jpeg"}],"twitter_card":"summary_large_image","twitter_misc":{"Tiempo de lectura":"8 minutos"},"schema":{"@context":"https:\/\/schema.org","@graph":[{"@type":"WebPage","@id":"https:\/\/www.perurail.com\/es\/fiestas-patrias\/","url":"https:\/\/www.perurail.com\/es\/fiestas-patrias\/","name":"Fiestas Patrias en Cusco, Puno y Arequipa | PeruRail","isPartOf":{"@id":"https:\/\/www.perurail.com\/es\/#website"},"primaryImageOfPage":{"@id":"https:\/\/www.perurail.com\/es\/fiestas-patrias\/#primaryimage"},"image":{"@id":"https:\/\/www.perurail.com\/es\/fiestas-patrias\/#primaryimage"},"thumbnailUrl":"https:\/\/www.perurail.com\/wp-content\/uploads\/2016\/02\/ciudadela-de-machu-picchu-maravilla-del-mundo-cusco-perurail.jpg","datePublished":"2024-01-04T17:15:12+00:00","dateModified":"2025-02-17T20:37:32+00:00","description":"Conoce qu\u00e9 actividades se realizan por el D\u00eda de la Independencia de Per\u00fa en Cusco, Puno y Arequipa. Disfruta el feriado largo viajando.","inLanguage":"es","potentialAction":[{"@type":"ReadAction","target":["https:\/\/www.perurail.com\/es\/fiestas-patrias\/"]}]},{"@type":"ImageObject","inLanguage":"es","@id":"https:\/\/www.perurail.com\/es\/fiestas-patrias\/#primaryimage","url":"https:\/\/www.perurail.com\/wp-content\/uploads\/2016\/02\/ciudadela-de-machu-picchu-maravilla-del-mundo-cusco-perurail.jpg","contentUrl":"https:\/\/www.perurail.com\/wp-content\/uploads\/2016\/02\/ciudadela-de-machu-picchu-maravilla-del-mundo-cusco-perurail.jpg"},{"@type":"WebSite","@id":"https:\/\/www.perurail.com\/es\/#website","url":"https:\/\/www.perurail.com\/es\/","name":"Train to Machu Picchu - Ollantaytambo - Cusco | Peru Rail | Deals | Perurail","description":"","potentialAction":[{"@type":"SearchAction","target":{"@type":"EntryPoint","urlTemplate":"https:\/\/www.perurail.com\/es\/?s={search_term_string}"},"query-input":{"@type":"PropertyValueSpecification","valueRequired":true,"valueName":"search_term_string"}}],"inLanguage":"es"}]}},"_links":{"self":[{"href":"https:\/\/www.perurail.com\/es\/wp-json\/wp\/v2\/pages\/4704","targetHints":{"allow":["GET"]}}],"collection":[{"href":"https:\/\/www.perurail.com\/es\/wp-json\/wp\/v2\/pages"}],"about":[{"href":"https:\/\/www.perurail.com\/es\/wp-json\/wp\/v2\/types\/page"}],"author":[{"embeddable":true,"href":"https:\/\/www.perurail.com\/es\/wp-json\/wp\/v2\/users\/2"}],"replies":[{"embeddable":true,"href":"https:\/\/www.perurail.com\/es\/wp-json\/wp\/v2\/comments?post=4704"}],"version-history":[{"count":30,"href":"https:\/\/www.perurail.com\/es\/wp-json\/wp\/v2\/pages\/4704\/revisions"}],"predecessor-version":[{"id":54808,"href":"https:\/\/www.perurail.com\/es\/wp-json\/wp\/v2\/pages\/4704\/revisions\/54808"}],"wp:attachment":[{"href":"https:\/\/www.perurail.com\/es\/wp-json\/wp\/v2\/media?parent=4704"}],"curies":[{"name":"wp","href":"https:\/\/api.w.org\/{rel}","templated":true}]}}